{"id":1307,"date":"2022-04-26T08:00:00","date_gmt":"2022-04-26T07:00:00","guid":{"rendered":"http:\/\/www.boursedeslivres.com\/?page_id=1307"},"modified":"2023-05-17T07:49:14","modified_gmt":"2023-05-17T06:49:14","slug":"assemblee-generale-et-presentation-de-lassociation-et-distribution","status":"publish","type":"page","link":"https:\/\/www.boursedeslivres.com\/?page_id=1307","title":{"rendered":"Assembl\u00e9e G\u00e9n\u00e9rale et pr\u00e9sentation de l&rsquo;association"},"content":{"rendered":"<p><!--StartFragment--><\/p>\n<hr>\n<p><strong data-rich-text-format-boundary=\"true\">ACTUALIT\u00c9 : L&rsquo;\u00e9quipe de la Bourse Aux Livres de Berthollet organise l&rsquo;Assembl\u00e9e G\u00e9n\u00e9rale Annuelle au cours de laquelle un bilan de la bourse aux livres pass\u00e9e (restitutions en juin et distribution en septembre 2022 ) sera pr\u00e9sent\u00e9. Nous constituerons \u00e9galement l&rsquo;\u00e9quipe organisatrice de la bourse 2023 avec ceux qui se porterons volontaire<\/strong><\/p>\n<hr>\n<p><strong>Gr\u00e2ce au financement de la R\u00e9gion Auvergne Rh\u00f4ne Alpes<\/strong>, les \u00e9l\u00e8ves du lyc\u00e9e Berthollet b\u00e9n\u00e9ficient de la <strong>gratuit\u00e9<\/strong> des manuels scolaires qui leur sont pr\u00eat\u00e9s.<\/p>\n<p>Notre association BALB (ind\u00e9pendante des f\u00e9d\u00e9rations de parents d&rsquo;\u00e9l\u00e8ves) s&rsquo;occupe de distribuer les manuels en septembre et de les r\u00e9cup\u00e9rer en juin. Nous g\u00e9rons les livres affect\u00e9s ant\u00e9rieurement ainsi que ceux command\u00e9s neufs en r\u00e9assort en cas de variation des effectifs. Nous enregistrons via la carte Pass&rsquo;R\u00e9gion de chaque \u00e9l\u00e8ve, les livres en entr\u00e9e ou en sortie sur l&rsquo;application internet de la R\u00e9gion. Nous v\u00e9rifions l&rsquo;\u00e9tat des livres rendus sachant qu&rsquo;une p\u00e9nalit\u00e9 sera appliqu\u00e9e par la R\u00e9gion en cas de livre inutilisable. Cette derni\u00e8re sanctionne \u00e9galement les \u00e9l\u00e8ves qui ne rendent pas tous leurs livres.<\/p>\n<p>Nous aidons les \u00e9l\u00e8ves et les familles qui ont des difficult\u00e9s \u00e0 commander leur carte Pass&rsquo;R\u00e9gion. Nous apportons une assistance technique ou nous contactons la R\u00e9gion pour les probl\u00e8mes rencontr\u00e9s.<\/p>\n<p>Nous g\u00e9rons les stocks de livres avec un suivi et un inventaire annuel.<\/p>\n<p>Nous venons distribuer les livres aux \u00e9l\u00e8ves qui arrivent en cours d&rsquo;ann\u00e9e et nous venons r\u00e9cup\u00e9rer les livres des \u00e9l\u00e8ves qui partent en cours d&rsquo;ann\u00e9e.<\/p>\n<p>Pr\u00e8s de 15000 livres sont g\u00e9r\u00e9s par notre association. Il y a de la manutention, du travail sur ordinateur ou sur nos fiches \u00e9l\u00e8ves, des cas particuliers \u00e0 traiter, mais <strong>ce que nous retenons avant tout, ce sont les bons moments pass\u00e9s ensemble et aux c\u00f4t\u00e9s des jeunes !<\/strong><\/p>\n\n\n<figure class=\"wp-block-image size-large is-resized\"><a href=\"https:\/\/www.boursedeslivres.com\/wp-content\/uploads\/2022\/04\/20210906_125025_029-scaled.jpg\"><img loading=\"lazy\" decoding=\"async\" src=\"https:\/\/www.boursedeslivres.com\/wp-content\/uploads\/2022\/04\/20210906_125025_029-1024x768.jpg\" alt=\"\" class=\"wp-image-1676\" width=\"774\" height=\"581\" srcset=\"https:\/\/www.boursedeslivres.com\/wp-content\/uploads\/2022\/04\/20210906_125025_029-1024x768.jpg 1024w, https:\/\/www.boursedeslivres.com\/wp-content\/uploads\/2022\/04\/20210906_125025_029-300x225.jpg 300w, https:\/\/www.boursedeslivres.com\/wp-content\/uploads\/2022\/04\/20210906_125025_029-768x576.jpg 768w, https:\/\/www.boursedeslivres.com\/wp-content\/uploads\/2022\/04\/20210906_125025_029-1536x1152.jpg 1536w, https:\/\/www.boursedeslivres.com\/wp-content\/uploads\/2022\/04\/20210906_125025_029-2048x1536.jpg 2048w, https:\/\/www.boursedeslivres.com\/wp-content\/uploads\/2022\/04\/20210906_125025_029-150x113.jpg 150w, https:\/\/www.boursedeslivres.com\/wp-content\/uploads\/2022\/04\/20210906_125025_029-200x150.jpg 200w\" sizes=\"auto, (max-width: 774px) 100vw, 774px\" \/><\/a><figcaption class=\"wp-element-caption\"> <br><strong>Une partie de l&rsquo;\u00e9quipe de la Bourse aux Livres !<\/strong>  &#8211; septembre 2021<\/figcaption><\/figure>\n\n\n<p><!--EndFragment--><\/p>\n\n\n<figure class=\"wp-block-image size-large\"><a href=\"https:\/\/www.boursedeslivres.com\/wp-content\/uploads\/2022\/04\/20210903_151727-scaled.jpg\"><img loading=\"lazy\" decoding=\"async\" width=\"1024\" height=\"768\" src=\"https:\/\/www.boursedeslivres.com\/wp-content\/uploads\/2022\/04\/20210903_151727-1024x768.jpg\" alt=\"\" class=\"wp-image-1677\" srcset=\"https:\/\/www.boursedeslivres.com\/wp-content\/uploads\/2022\/04\/20210903_151727-1024x768.jpg 1024w, https:\/\/www.boursedeslivres.com\/wp-content\/uploads\/2022\/04\/20210903_151727-300x225.jpg 300w, https:\/\/www.boursedeslivres.com\/wp-content\/uploads\/2022\/04\/20210903_151727-768x576.jpg 768w, https:\/\/www.boursedeslivres.com\/wp-content\/uploads\/2022\/04\/20210903_151727-1536x1152.jpg 1536w, https:\/\/www.boursedeslivres.com\/wp-content\/uploads\/2022\/04\/20210903_151727-2048x1536.jpg 2048w, https:\/\/www.boursedeslivres.com\/wp-content\/uploads\/2022\/04\/20210903_151727-150x113.jpg 150w, https:\/\/www.boursedeslivres.com\/wp-content\/uploads\/2022\/04\/20210903_151727-200x150.jpg 200w\" sizes=\"auto, (max-width: 1024px) 100vw, 1024px\" \/><\/a><figcaption class=\"wp-element-caption\">Les manuels g\u00e9r\u00e9s par l&rsquo;\u00e9quipe !<\/figcaption><\/figure>\n\n\n\n<figure class=\"wp-block-image size-large\"><a href=\"https:\/\/www.boursedeslivres.com\/wp-content\/uploads\/2022\/04\/20210906_143526-scaled.jpg\"><img loading=\"lazy\" decoding=\"async\" width=\"1024\" height=\"768\" src=\"https:\/\/www.boursedeslivres.com\/wp-content\/uploads\/2022\/04\/20210906_143526-1024x768.jpg\" alt=\"\" class=\"wp-image-1678\" srcset=\"https:\/\/www.boursedeslivres.com\/wp-content\/uploads\/2022\/04\/20210906_143526-1024x768.jpg 1024w, https:\/\/www.boursedeslivres.com\/wp-content\/uploads\/2022\/04\/20210906_143526-300x225.jpg 300w, https:\/\/www.boursedeslivres.com\/wp-content\/uploads\/2022\/04\/20210906_143526-768x576.jpg 768w, https:\/\/www.boursedeslivres.com\/wp-content\/uploads\/2022\/04\/20210906_143526-1536x1152.jpg 1536w, https:\/\/www.boursedeslivres.com\/wp-content\/uploads\/2022\/04\/20210906_143526-2048x1536.jpg 2048w, https:\/\/www.boursedeslivres.com\/wp-content\/uploads\/2022\/04\/20210906_143526-150x113.jpg 150w, https:\/\/www.boursedeslivres.com\/wp-content\/uploads\/2022\/04\/20210906_143526-200x150.jpg 200w\" sizes=\"auto, (max-width: 1024px) 100vw, 1024px\" \/><\/a><\/figure>\n\n\n\n<figure class=\"wp-block-image size-large\"><a href=\"https:\/\/www.boursedeslivres.com\/wp-content\/uploads\/2022\/04\/20210906_143650-scaled.jpg\"><img loading=\"lazy\" decoding=\"async\" width=\"768\" height=\"1024\" src=\"https:\/\/www.boursedeslivres.com\/wp-content\/uploads\/2022\/04\/20210906_143650-768x1024.jpg\" alt=\"\" class=\"wp-image-1679\" srcset=\"https:\/\/www.boursedeslivres.com\/wp-content\/uploads\/2022\/04\/20210906_143650-768x1024.jpg 768w, https:\/\/www.boursedeslivres.com\/wp-content\/uploads\/2022\/04\/20210906_143650-225x300.jpg 225w, https:\/\/www.boursedeslivres.com\/wp-content\/uploads\/2022\/04\/20210906_143650-1152x1536.jpg 1152w, https:\/\/www.boursedeslivres.com\/wp-content\/uploads\/2022\/04\/20210906_143650-1536x2048.jpg 1536w, https:\/\/www.boursedeslivres.com\/wp-content\/uploads\/2022\/04\/20210906_143650-113x150.jpg 113w, https:\/\/www.boursedeslivres.com\/wp-content\/uploads\/2022\/04\/20210906_143650-scaled.jpg 1920w\" sizes=\"auto, (max-width: 768px) 100vw, 768px\" \/><\/a><figcaption class=\"wp-element-caption\">L&rsquo;\u00e9quipe qui remplit les fiches \u00e9l\u00e8ves et distribue les livres<\/figcaption><\/figure>\n\n\n\n<figure class=\"wp-block-image size-large\"><a href=\"https:\/\/www.boursedeslivres.com\/wp-content\/uploads\/2022\/04\/20210906_143702-scaled.jpg\"><img loading=\"lazy\" decoding=\"async\" width=\"768\" height=\"1024\" src=\"https:\/\/www.boursedeslivres.com\/wp-content\/uploads\/2022\/04\/20210906_143702-768x1024.jpg\" alt=\"\" class=\"wp-image-1680\" srcset=\"https:\/\/www.boursedeslivres.com\/wp-content\/uploads\/2022\/04\/20210906_143702-768x1024.jpg 768w, https:\/\/www.boursedeslivres.com\/wp-content\/uploads\/2022\/04\/20210906_143702-225x300.jpg 225w, https:\/\/www.boursedeslivres.com\/wp-content\/uploads\/2022\/04\/20210906_143702-1152x1536.jpg 1152w, https:\/\/www.boursedeslivres.com\/wp-content\/uploads\/2022\/04\/20210906_143702-1536x2048.jpg 1536w, https:\/\/www.boursedeslivres.com\/wp-content\/uploads\/2022\/04\/20210906_143702-113x150.jpg 113w, https:\/\/www.boursedeslivres.com\/wp-content\/uploads\/2022\/04\/20210906_143702-scaled.jpg 1920w\" sizes=\"auto, (max-width: 768px) 100vw, 768px\" \/><\/a><figcaption class=\"wp-element-caption\">L&rsquo;\u00e9quipe qui s&rsquo;occupe de l&rsquo;enregistrement des livres<\/figcaption><\/figure>\n\n\n\n<figure class=\"wp-block-image size-large is-resized\"><a href=\"https:\/\/www.boursedeslivres.com\/wp-content\/uploads\/2022\/04\/IMG_6189.jpg\"><img loading=\"lazy\" decoding=\"async\" src=\"https:\/\/www.boursedeslivres.com\/wp-content\/uploads\/2022\/04\/IMG_6189.jpg\" alt=\"\" class=\"wp-image-1684\" width=\"430\" height=\"323\" srcset=\"https:\/\/www.boursedeslivres.com\/wp-content\/uploads\/2022\/04\/IMG_6189.jpg 480w, https:\/\/www.boursedeslivres.com\/wp-content\/uploads\/2022\/04\/IMG_6189-300x225.jpg 300w, https:\/\/www.boursedeslivres.com\/wp-content\/uploads\/2022\/04\/IMG_6189-150x113.jpg 150w, https:\/\/www.boursedeslivres.com\/wp-content\/uploads\/2022\/04\/IMG_6189-200x150.jpg 200w\" sizes=\"auto, (max-width: 430px) 100vw, 430px\" \/><\/a><figcaption class=\"wp-element-caption\">Les bureaux d&rsquo;accueil<\/figcaption><\/figure>\n\n\n\n<h2 class=\"wp-block-heading\">Distribution des manuels scolaires en septembre 2021<\/h2>\n\n\n\n<p>Bonjour \u00e0 toutes et tous,<\/p>\n\n\n\n<p>Gr\u00e2ce au <strong>financement de la R\u00e9gion Auvergne Rh\u00f4ne Alpes<\/strong>, vos enfants b\u00e9n\u00e9ficient de la gratuit\u00e9 des manuels scolaires qui sont pr\u00eat\u00e9s (sauf options, maths compl\u00e9mentaires ou expertes). La R\u00e9gion sanctionnera le retour de livres trop ab\u00eem\u00e9s pour \u00eatre r\u00e9utilis\u00e9s par les \u00e9l\u00e8ves l&rsquo;ann\u00e9e suivante, ainsi que l&rsquo;absence de restitution des livres.<\/p>\n\n\n\n<p>Vous devez <strong>couvrir les manuels scolaires et en prendre soin.<\/strong><\/p>\n\n\n\n<p>Vous trouverez sur le c\u00f4t\u00e9 \u00e0 droite, la liste des manuels utilis\u00e9s au lyc\u00e9e avec les changements intervenus. Cette liste vous permet d&rsquo;avoir les <strong>r\u00e9f\u00e9rences des livres d&rsquo;options \u00e0 acheter par vous-m\u00eames<\/strong>. BON PLAN : vous pouvez pour cela utiliser l&rsquo;avantage librairie carte Pass&rsquo;R\u00e9gion de 35\u20ac pour les terminales ou de 15\u20ac pour les premi\u00e8res ou les secondes. <\/p>\n\n\n\n<p><strong>+ ELEVES en 2nde \u00e0 la rentr\u00e9e 2021 ou DE TOUT NIVEAU VENANT D&rsquo;UNE AUTRE REGION : <span style=\"color:#0274a5\" class=\"has-inline-color\">COMMANDEZ LA CARTE PASS&rsquo;REGION. Apr\u00e8s validation par le lyc\u00e9e, elle vous sera envoy\u00e9e \u00e0 domicile sous une 10aine de jours. NB: Demandez \u00e0 ce que la carte arrive \u00e0 domicile et non au lyc\u00e9e.<\/span><\/strong><\/p>\n\n\n\n<p>+<span style=\"color:#0071a1\" class=\"has-inline-color\"> <\/span><strong><span class=\"has-inline-color has-black-color\">ELEVES venant d&rsquo;un autre \u00e9tablissement et ayant d\u00e9ja une carte Pass&rsquo;R\u00e9gion<\/span><\/strong><span style=\"color:#0071a1\" class=\"has-inline-color\"><strong> <\/strong>:<\/span> demandez au secr\u00e9tariat des proviseurs adjoints de vous valider sur l&rsquo;espace Pass&rsquo;R\u00e9gion. A partir de l\u00e0 une carte sera cr\u00e9\u00e9e par la R\u00e9gion avec un rattachement au lyc\u00e9e Berthollet et un nouveau num\u00e9ro de carte. NB : vous conservez le m\u00eame num\u00e9ro de dossier (= votre identifiant de connexion \u00e0 votre espace en ligne \u00ab\u00a0mon compte\u00a0\u00bb ou \u00e0 votre appli mobile) et le m\u00eame mot de passe. Vous pouvez suivre l&rsquo;avancement de l&rsquo;exp\u00e9dition sur votre compte Pass&rsquo;R\u00e9gion.<span style=\"color:#0071a1\" class=\"has-inline-color\"> <strong>Environ<\/strong> <strong>10 jours plus tard, vous devrez passer au secr\u00e9tariat pour demander si la carte Pass&rsquo;R\u00e9gion est arriv\u00e9e et vous pourrez en prendre possession si c&rsquo;est le cas.<\/strong><\/span> Repassez sinon.<\/p>\n\n\n\n<p>Le jour de passage, il faut imp\u00e9rativement :<\/p>\n\n\n\n<p><strong>avoir command\u00e9 sa carte Pass&rsquo;R\u00e9gion sur internet si vous arrivez en seconde ou si vous venez d&rsquo;une autre r\u00e9gion<\/strong> <\/p>\n\n\n\n<p><strong>ou avoir le \u00ab\u00a0n\u00e9cessaire Pass&rsquo;R\u00e9gion<\/strong>\u00a0\u00bb c&rsquo;est-\u00e0-dire :<\/p>\n\n\n\n<ul class=\"wp-block-list\">\n<li>votre t\u00e9l\u00e9phone portable avec l&rsquo;appli Pass&rsquo;R\u00e9gion (QR Code) carte physique re\u00e7ue ou non<\/li>\n\n\n\n<li>ou votre carte physique (aller la chercher au secr\u00e9tariat des proviseurs adjoints si vous avez demand\u00e9 une arriv\u00e9e au lyc\u00e9e).<\/li>\n\n\n\n<li>ou votre num\u00e9ro de dossier re\u00e7u par mail \u00e0 l&rsquo;issue de la commande initiale lorsque vous \u00e9tiez en seconde la plupart du temps.<\/li>\n<\/ul>\n\n\n\n<p><\/p>\n\n\n\n<p><strong>Si vous n&rsquo;avez pas eu vos livres car vous n&rsquo;aviez pas le n\u00e9cessaire ou vous \u00e9tiez absent le jour J, vous devez venir les chercher avec le n\u00e9cessaire Pass&rsquo;R\u00e9gion sur les cr\u00e9neaux ci-dessous :<\/strong><\/p>\n\n\n\n<p class=\"has-background\" style=\"background-color:#e9ebec\">&#8211; le mardi 7 de 13h \u00e0 16h30<\/p>\n\n\n\n<p class=\"has-background\" style=\"background-color:#e9ebec\">   &#8211; le mercredi 8 de 13h30 \u00e0 16h30<\/p>\n\n\n\n<p class=\"has-background\" style=\"background-color:#eaeaea\">&#8211; le jeudi 9 de 13h \u00e0 14h, et de 14h30 \u00e0 16h30<\/p>\n\n\n\n<p class=\"has-background\" style=\"background-color:#e8eaea\">&#8211; le mardi 14 de 15h \u00e0 19h (en biblioth\u00e8que Mathy).<\/p>\n\n\n\n<p><\/p>\n\n\n\n<p><\/p>\n\n\n\n<p class=\"has-vivid-cyan-blue-color has-text-color\"><strong><span class=\"has-inline-color has-vivid-red-color\">&nbsp;+  DISTRIBUTION DES LIVRES et restitution des livres non rendus en juin\/juillet :<\/span><\/strong><\/p>\n\n\n\n<figure class=\"wp-block-table aligncenter is-style-regular\"><table class=\"has-background\" style=\"background-color:#e7f5fe\"><tbody><tr><td> <br><strong><span class=\"has-inline-color has-vivid-cyan-blue-color\">TERMINALES<\/span> <\/strong><\/td><td><em><strong><span class=\"has-inline-color has-pale-pink-color\">lundi 6\/09\/2021 <\/span><\/strong> par classe <\/em>et accompagn\u00e9s d&rsquo;un professeur<br><em>\u00e0 l&rsquo;heure&nbsp;de votre convocation <\/em><br><em><strong><strong><em><span class=\"has-inline-color has-pale-pink-color\">mardi 7\/09 matin  <\/span><\/em><\/strong><\/strong><em><span class=\"has-inline-color has-black-color\">idem<\/span><\/em><\/em><\/td><\/tr><tr><td> <br><strong><span class=\"has-inline-color has-vivid-cyan-blue-color\">PREMIERES<\/span><\/strong><\/td><td> <br><strong><span class=\"has-inline-color has-pale-pink-color\"><em>lundi 6\/09<\/em><\/span><\/strong><em><span class=\"has-inline-color has-pale-pink-color\"> <strong>matin<\/strong>  <\/span><em>par classe <\/em>et accompagn\u00e9s d&rsquo;un professeur<br><em>\u00e0 l&rsquo;heure&nbsp;de votre convocation<\/em><\/em><br><em><strong><em><span class=\"has-inline-color has-pale-pink-color\">mercredi 8\/09<\/span> <span class=\"has-inline-color has-pale-pink-color\">matin<\/span> <\/em><\/strong><em>idem<\/em><\/em><br><em>&nbsp;<\/em><\/td><\/tr><tr><td><strong><span class=\"has-inline-color has-vivid-cyan-blue-color\">SECONDES<\/span><\/strong><br><strong> <\/strong><\/td><td><strong><span class=\"has-inline-color has-pale-pink-color\"><em>jeudi 9 et vendredi 10\/09<\/em><\/span><span class=\"has-inline-color has-pale-pink-color\"><\/span><\/strong><em><span class=\"has-inline-color has-pale-pink-color\"> <\/span><em><em>par classe <\/em>et accompagn\u00e9s d&rsquo;un professeur<br><em>\u00e0 l&rsquo;heure&nbsp;de votre convocation<\/em><\/em><\/em><\/td><\/tr><\/tbody><\/table><figcaption class=\"wp-element-caption\">Vous devez apporter <span class=\"has-inline-color has-vivid-red-color\">tous<\/span> les livres en votre possession (ceux que vous avez en double par erreur, ceux de l&rsquo;an pass\u00e9 si vous les avez retrouv\u00e9s&#8230;).                                                                                                      <\/figcaption><\/figure>\n\n\n\n<p><\/p>\n\n\n\n<p><\/p>\n\n\n\n<p><\/p>\n\n\n\n<p><\/p>\n\n\n\n<p>Lors du passage de votre classe, vous pourrez apporter, pour votre parent, la <strong>cotisation de 3\u20ac en ch\u00e8que \u00e0 l&rsquo;ordre de BALB ou esp\u00e8ces<\/strong>, accompagn\u00e9e de <strong>son bulletin d&rsquo;adh\u00e9sion<\/strong> (sauf si transmis en juin) pour qu&rsquo;il aide l&rsquo;association et qu&rsquo;il adh\u00e8re \u00e0 celle-ci. Il pourra s&rsquo;il le souhaite participer \u00e0 l&rsquo;assembl\u00e9e g\u00e9n\u00e9rale annuelle ou rejoindre l&rsquo;\u00e9quipe organisatrice. <\/p>\n\n\n\n<p><\/p>\n\n\n\n<figure class=\"wp-block-image\"><img loading=\"lazy\" decoding=\"async\" width=\"750\" height=\"562\" src=\"https:\/\/www.boursedeslivres.com\/wp-content\/uploads\/2019\/08\/PART_1505471863847-e1566280091943.jpeg\" alt=\"\" class=\"wp-image-1453\"\/><\/figure>\n\n\n\n<p><\/p>\n\n\n\n<figure class=\"wp-block-image\"><img loading=\"lazy\" decoding=\"async\" width=\"750\" height=\"426\" src=\"https:\/\/www.boursedeslivres.com\/wp-content\/uploads\/2018\/03\/Accueil.png\" alt=\"\" class=\"wp-image-1016\" srcset=\"https:\/\/www.boursedeslivres.com\/wp-content\/uploads\/2018\/03\/Accueil.png 750w, https:\/\/www.boursedeslivres.com\/wp-content\/uploads\/2018\/03\/Accueil-300x170.png 300w, https:\/\/www.boursedeslivres.com\/wp-content\/uploads\/2018\/03\/Accueil-150x85.png 150w, https:\/\/www.boursedeslivres.com\/wp-content\/uploads\/2018\/03\/Accueil-250x142.png 250w\" sizes=\"auto, (max-width: 750px) 100vw, 750px\" \/><figcaption class=\"wp-element-caption\"> <br><strong>Une petite partie de l&rsquo;\u00e9quipe de la Bourse aux Livres !<\/strong>  &#8211; septembre 2017 et 2018<\/figcaption><\/figure>\n","protected":false},"excerpt":{"rendered":"<p>ACTUALIT\u00c9 : L&rsquo;\u00e9quipe de la Bourse Aux Livres de Berthollet organise l&rsquo;Assembl\u00e9e G\u00e9n\u00e9rale Annuelle au cours de laquelle un bilan de la bourse aux livres pass\u00e9e (restitutions en juin et \u2026 <a class=\"continue-reading-link\" href=\"https:\/\/www.boursedeslivres.com\/?page_id=1307\">Lire la suite <span class=\"meta-nav\">&rarr; <\/span><\/a><\/p>\n","protected":false},"author":5,"featured_media":0,"parent":0,"menu_order":2,"comment_status":"closed","ping_status":"closed","template":"","meta":{"two_page_speed":[],"footnotes":""},"class_list":["post-1307","page","type-page","status-publish","hentry"],"_links":{"self":[{"href":"https:\/\/www.boursedeslivres.com\/index.php?rest_route=\/wp\/v2\/pages\/1307","targetHints":{"allow":["GET"]}}],"collection":[{"href":"https:\/\/www.boursedeslivres.com\/index.php?rest_route=\/wp\/v2\/pages"}],"about":[{"href":"https:\/\/www.boursedeslivres.com\/index.php?rest_route=\/wp\/v2\/types\/page"}],"author":[{"embeddable":true,"href":"https:\/\/www.boursedeslivres.com\/index.php?rest_route=\/wp\/v2\/users\/5"}],"replies":[{"embeddable":true,"href":"https:\/\/www.boursedeslivres.com\/index.php?rest_route=%2Fwp%2Fv2%2Fcomments&post=1307"}],"version-history":[{"count":18,"href":"https:\/\/www.boursedeslivres.com\/index.php?rest_route=\/wp\/v2\/pages\/1307\/revisions"}],"predecessor-version":[{"id":1868,"href":"https:\/\/www.boursedeslivres.com\/index.php?rest_route=\/wp\/v2\/pages\/1307\/revisions\/1868"}],"wp:attachment":[{"href":"https:\/\/www.boursedeslivres.com\/index.php?rest_route=%2Fwp%2Fv2%2Fmedia&parent=1307"}],"curies":[{"name":"wp","href":"https:\/\/api.w.org\/{rel}","templated":true}]}}