{"id":11,"date":"2022-05-24T08:46:55","date_gmt":"2022-05-24T07:46:55","guid":{"rendered":"http:\/\/www.boursedeslivres.com\/?page_id=11"},"modified":"2025-06-03T08:46:54","modified_gmt":"2025-06-03T07:46:54","slug":"lequipe","status":"publish","type":"page","link":"https:\/\/www.boursedeslivres.com\/?page_id=11","title":{"rendered":"L&rsquo;\u00e9quipe"},"content":{"rendered":"<p style=\"text-align: justify;\"><img loading=\"lazy\" decoding=\"async\" class=\"alignnone  wp-image-478\" src=\"https:\/\/www.boursedeslivres.com\/wp-content\/uploads\/2014\/02\/equipe-1-300x103.jpg\" alt=\"\" width=\"268\" height=\"92\" srcset=\"https:\/\/www.boursedeslivres.com\/wp-content\/uploads\/2014\/02\/equipe-1-300x103.jpg 300w, https:\/\/www.boursedeslivres.com\/wp-content\/uploads\/2014\/02\/equipe-1-768x265.jpg 768w, https:\/\/www.boursedeslivres.com\/wp-content\/uploads\/2014\/02\/equipe-1-1024x353.jpg 1024w, https:\/\/www.boursedeslivres.com\/wp-content\/uploads\/2014\/02\/equipe-1-624x215.jpg 624w, https:\/\/www.boursedeslivres.com\/wp-content\/uploads\/2014\/02\/equipe-1.jpg 1160w\" sizes=\"auto, (max-width: 268px) 100vw, 268px\" \/><\/p>\n<p style=\"text-align: justify;\">La Bourse aux Livres est une association loi 1901 anim\u00e9e par des parents b\u00e9n\u00e9voles.<\/p>\n<p style=\"text-align: justify;\">Comme toute association, elle est dirig\u00e9e par un <strong>Conseil d&rsquo;administration <\/strong>:<\/p>\n<ul>\n<li style=\"list-style-type: none;\">\n<ul>\n<li style=\"list-style-type: none;\">\n<ul>\n<li><span style=\"color: #3366ff;\">Pr\u00e9sidente<\/span> : <strong>Laurence<\/strong> <strong>MUGNIER<\/strong><\/li>\n<li><span style=\"color: #3366ff;\">Vice-Pr\u00e9sidents <\/span>: &#8211;<\/li>\n<li><span style=\"color: #3366ff;\">Secr\u00e9taire\u00a0<\/span>: <strong>Elena NEFEDOVA<\/strong><\/li>\n<li><span style=\"color: #3366ff;\">Secr\u00e9taire adjointe : <span style=\"color: #000000;\"><strong>Elsa GIRAUD<\/strong><\/span><\/span><span style=\"color: #3366ff;\"><br \/><\/span><\/li>\n<li><span style=\"color: #3366ff;\">Tr\u00e9sori\u00e8re<\/span> : <strong>Katia BOUTAUD<\/strong><\/li>\n<li><span style=\"color: #3366ff;\">Tr\u00e9sori\u00e8re adjointe <\/span>:<strong> Saloua DJEBALI<br \/><\/strong><\/li>\n<li><span style=\"color: #3366ff;\">Responsable informatique<\/span> : <strong>&#8211;<\/strong><\/li>\n<li><span style=\"color: #3366ff;\">Responsable logistique <\/span>: <strong>&#8211;<\/strong><\/li>\n<li><span style=\"line-height: 1.5em;\"><span style=\"color: #3366ff;\">Personnes \u00ab\u00a0sans fonction\u00a0\u00bb<\/span> aidant \u00e0 l&rsquo;organisation et aux t\u00e2ches diverses : <\/span><strong>Nathalie<\/strong> <strong>ALBEROLA, <\/strong><span style=\"line-height: 1.5em;\"><strong>Odile CORVI<\/strong>,<strong> Annie DE ZUTTER,<\/strong><\/span> <span style=\"line-height: 1.5em;\"><strong>Louis HENOCQ, Magali HENOCQ, Val\u00e9rie MOLVEAU, Cindy TAVARES, <\/strong><strong>Delphin<span style=\"color: #000000;\">e<\/span> VAILLER<br \/><\/strong><\/span><\/li>\n<\/ul>\n<\/li>\n<\/ul>\n<\/li>\n<\/ul>\n<p style=\"text-align: justify;\"><span style=\"line-height: 1.5em;\">Avec ou sans aucune exp\u00e9rience, vous pouvez rejoindre le conseil d&rsquo;administration. Nous serons l\u00e0 pour vous \u00e9pauler ! <span style=\"color: #3366ff;\"><a style=\"color: #3366ff;\" href=\"https:\/\/www.boursedeslivres.com\/?page_id=15\">Contactez-nous<\/a><\/span> !<\/span><\/p>\n<p style=\"text-align: justify;\">La Bourse aux Livres ne pourrait pas non plus fonctionner sans une cinquantaine de b\u00e9n\u00e9voles qui viennent nous aider chaque ann\u00e9e. Merci \u00e0 vous !<\/p>\n<p>Administrateur G\u00e9n\u00e9ral du site internet: <strong>Richard PHAN <\/strong>fondateur et dirigeant d&rsquo;<strong>Inventhys<\/strong> \u00e0 Annecy-le-Vieux (74940)<\/p>\n<p>D\u00e9veloppeur de l&rsquo;<strong>application internet Orphee mise \u00e0 disposition par la R\u00e9gion Auvergne Rh\u00f4ne Alpes<\/strong> : <strong>c3rb<\/strong><\/p>\n<p>D\u00e9veloppeur du logiciel de la bourse utilis\u00e9 jusqu&rsquo;en 2019 : <strong>M. GEVET<\/strong> de la soci\u00e9t\u00e9 <strong>MAGESTIA<\/strong> \u00e0 Cran Gevrier (74 960)<\/p>\n\n\n<p><\/p>\n","protected":false},"excerpt":{"rendered":"<p>La Bourse aux Livres est une association loi 1901 anim\u00e9e par des parents b\u00e9n\u00e9voles. Comme toute association, elle est dirig\u00e9e par un Conseil d&rsquo;administration : Pr\u00e9sidente : Laurence MUGNIER Vice-Pr\u00e9sidents \u2026 <a class=\"continue-reading-link\" href=\"https:\/\/www.boursedeslivres.com\/?page_id=11\">Lire la suite <span class=\"meta-nav\">&rarr; <\/span><\/a><\/p>\n","protected":false},"author":5,"featured_media":478,"parent":0,"menu_order":6,"comment_status":"closed","ping_status":"closed","template":"","meta":{"two_page_speed":[],"footnotes":""},"class_list":["post-11","page","type-page","status-publish","has-post-thumbnail","hentry"],"_links":{"self":[{"href":"https:\/\/www.boursedeslivres.com\/index.php?rest_route=\/wp\/v2\/pages\/11","targetHints":{"allow":["GET"]}}],"collection":[{"href":"https:\/\/www.boursedeslivres.com\/index.php?rest_route=\/wp\/v2\/pages"}],"about":[{"href":"https:\/\/www.boursedeslivres.com\/index.php?rest_route=\/wp\/v2\/types\/page"}],"author":[{"embeddable":true,"href":"https:\/\/www.boursedeslivres.com\/index.php?rest_route=\/wp\/v2\/users\/5"}],"replies":[{"embeddable":true,"href":"https:\/\/www.boursedeslivres.com\/index.php?rest_route=%2Fwp%2Fv2%2Fcomments&post=11"}],"version-history":[{"count":65,"href":"https:\/\/www.boursedeslivres.com\/index.php?rest_route=\/wp\/v2\/pages\/11\/revisions"}],"predecessor-version":[{"id":2011,"href":"https:\/\/www.boursedeslivres.com\/index.php?rest_route=\/wp\/v2\/pages\/11\/revisions\/2011"}],"wp:featuredmedia":[{"embeddable":true,"href":"https:\/\/www.boursedeslivres.com\/index.php?rest_route=\/wp\/v2\/media\/478"}],"wp:attachment":[{"href":"https:\/\/www.boursedeslivres.com\/index.php?rest_route=%2Fwp%2Fv2%2Fmedia&parent=11"}],"curies":[{"name":"wp","href":"https:\/\/api.w.org\/{rel}","templated":true}]}}